{"id":32,"date":"2024-08-16T15:52:08","date_gmt":"2024-08-16T13:52:08","guid":{"rendered":"https:\/\/www.difosis.com\/cz\/?page_id=32"},"modified":"2024-09-03T20:40:43","modified_gmt":"2024-09-03T18:40:43","slug":"zasady-ochrany-osobnich-udaju","status":"publish","type":"page","link":"https:\/\/www.difosis.com\/cz\/zasady-ochrany-osobnich-udaju\/","title":{"rendered":"Z\u00e1sady ochrany osobn\u00edch \u00fadaj\u016f"},"content":{"rendered":"\n<p><strong>Z\u00e1sady ochrany osobn\u00edch \u00fadaj\u016f<\/strong><\/p>\n\n\n\n<p>Pokud jste z\u00e1kazn\u00edkem, odb\u011bratelem newsletteru nebo n\u00e1v\u0161t\u011bvn\u00edkem webov\u00fdch str\u00e1nek, sv\u011b\u0159ujete n\u00e1m sv\u00e9 osobn\u00ed \u00fadaje. Jsme zodpov\u011bdn\u00ed za jejich ochranu a zabezpe\u010den\u00ed. Seznamte se pros\u00edm s ochranou osobn\u00edch \u00fadaj\u016f, z\u00e1sadami a pr\u00e1vy, kter\u00e9 m\u00e1te v souvislosti s GDPR (Obecn\u00e9 na\u0159\u00edzen\u00ed o ochran\u011b osobn\u00edch \u00fadaj\u016f).<\/p>\n\n\n\n<p><strong>Kdo je spr\u00e1vce?<\/strong><\/p>\n\n\n\n<p>Spr\u00e1vcem je spole\u010dnost DIFOSIS, SE se s\u00eddlem Z\u00e1mock\u00e1 8, 811 01 Bratislava, odd\u00edl: Po, vlo\u017eka \u010d. 8833\/B, zapsan\u00e1 v rejst\u0159\u00edku M\u011bstsk\u00e9ho soudu Bratislava III, I\u010cO: 54 304 695, kter\u00e1 provozuje internetov\u00e9 str\u00e1nky www.difosis.com. Va\u0161e osobn\u00ed \u00fadaje zpracov\u00e1v\u00e1me jako spr\u00e1vce, tj. ur\u010dujeme, jak budou osobn\u00ed \u00fadaje zpracov\u00e1v\u00e1ny a za jak\u00fdm \u00fa\u010delem, po jakou dobu, a vyb\u00edr\u00e1me p\u0159\u00edpadn\u00e9 dal\u0161\u00ed zpracovatele, kte\u0159\u00ed n\u00e1m budou se zpracov\u00e1n\u00edm pom\u00e1hat.<\/p>\n\n\n\n<p><strong>Kontaktn\u00ed \u00fadaje<\/strong><\/p>\n\n\n\n<p>Pokud n\u00e1s chcete kontaktovat v pr\u016fb\u011bhu zpracov\u00e1n\u00ed, m\u016f\u017eete n\u00e1s kontaktovat e-mailem: info@difosis.com.<\/p>\n\n\n\n<p><strong>Oznamujeme<\/strong><\/p>\n\n\n\n<p>Prohla\u0161ujeme, \u017ee jako spr\u00e1vce va\u0161ich osobn\u00edch \u00fadaj\u016f pln\u00edme v\u0161echny pr\u00e1vn\u00ed povinnosti vy\u017eadovan\u00e9 platn\u00fdmi pr\u00e1vn\u00edmi p\u0159edpisy, zejm\u00e9na z\u00e1konem o ochran\u011b osobn\u00edch \u00fadaj\u016f a GDPR, a proto:<\/p>\n\n\n\n<ul class=\"wp-block-list\">\n<li>va\u0161e osobn\u00ed \u00fadaje budeme zpracov\u00e1vat pouze na z\u00e1klad\u011b platn\u00e9ho pr\u00e1vn\u00edho d\u016fvodu, zejm\u00e9na opr\u00e1vn\u011bn\u00e9ho z\u00e1jmu, pln\u011bn\u00ed smlouvy, pr\u00e1vn\u00ed povinnosti nebo souhlasu,<\/li>\n\n\n\n<li>p\u0159ed zpracov\u00e1n\u00edm osobn\u00edch \u00fadaj\u016f spln\u00edme informa\u010dn\u00ed povinnost podle \u010dl\u00e1nku 13 GDPR,<\/li>\n\n\n\n<li>umo\u017en\u00edme v\u00e1m a podpo\u0159\u00edme v\u00e1s p\u0159i uplat\u0148ov\u00e1n\u00ed a pln\u011bn\u00ed va\u0161ich pr\u00e1v podle z\u00e1kona o ochran\u011b osobn\u00edch \u00fadaj\u016f a GDPR.<\/li>\n<\/ul>\n\n\n\n<p><strong>Rozsah osobn\u00edch \u00fadaj\u016f a \u00fa\u010dely zpracov\u00e1n\u00ed<\/strong><\/p>\n\n\n\n<p>Osobn\u00ed \u00fadaje, kter\u00e9 n\u00e1m sv\u011b\u0159\u00edte, zpracov\u00e1v\u00e1me z n\u00e1sleduj\u00edc\u00edch d\u016fvod\u016f (pro spln\u011bn\u00ed t\u011bchto \u00fa\u010del\u016f):<\/p>\n\n\n\n<ul class=\"wp-block-list\">\n<li><strong>poskytov\u00e1n\u00ed slu\u017eeb, pln\u011bn\u00ed smlouvy<\/strong><br>\u200dva\u0161e osobn\u00ed \u00fadaje v rozsahu: e-mail, telefon, kter\u00e9 pot\u0159ebujeme pro pln\u011bn\u00ed smlouvy (nap\u0159. jedn\u00e1n\u00ed o dluhopisech,&#8230;).<\/li>\n\n\n\n<li><strong>Veden\u00ed \u00fa\u010detnictv\u00ed<\/strong><br>\u200dJste-li z\u00e1kazn\u00edkem, pot\u0159ebujeme va\u0161e osobn\u00ed \u00fadaje (faktura\u010dn\u00ed \u00fadaje), abychom mohli splnit na\u0161i z\u00e1konnou povinnost vystavovat a evidovat da\u0148ov\u00e9 doklady.<\/li>\n\n\n\n<li><strong>marketing &#8211; telefonick\u00fd kontakt, zas\u00edl\u00e1n\u00ed newsletter\u016f<\/strong><br>\u200d Va\u0161e osobn\u00ed \u00fadaje (telefon, e-mail, jm\u00e9no), na co kliknete v e-mailu a kdy jej otev\u0159ete, pou\u017e\u00edv\u00e1me nej\u010dast\u011bji pro \u00fa\u010dely p\u0159\u00edm\u00e9ho marketingu &#8211; zas\u00edl\u00e1n\u00ed obchodn\u00edch sd\u011blen\u00ed. Pokud jste na\u0161\u00edm z\u00e1kazn\u00edkem, \u010din\u00edme tak z opr\u00e1vn\u011bn\u00e9ho z\u00e1jmu, proto\u017ee d\u016fvodn\u011b p\u0159edpokl\u00e1d\u00e1me, \u017ee m\u00e1te o na\u0161e newslettery z\u00e1jem, dokud se sami neodhl\u00e1s\u00edte. Pokud nejste na\u0161\u00edm z\u00e1kazn\u00edkem, zas\u00edl\u00e1me v\u00e1m newslettery pouze na z\u00e1klad\u011b va\u0161eho souhlasu, dokud se sami neodhl\u00e1s\u00edte. V obou p\u0159\u00edpadech m\u016f\u017eete tento souhlas odvolat pomoc\u00ed odhla\u0161ovac\u00edho odkazu v ka\u017ed\u00e9m e-mailu, kter\u00fd v\u00e1m za\u0161leme, nebo o to m\u016f\u017eete po\u017e\u00e1dat, kdy\u017e n\u00e1s kontaktujete telefonicky.<\/li>\n\n\n\n<li><strong>pokro\u010dil\u00fd marketing zalo\u017een\u00fd na souhlasu <\/strong>\u200dPouze s va\u0161\u00edm souhlasem v\u00e1m m\u016f\u017eeme tak\u00e9 zas\u00edlat inspirativn\u00ed nab\u00eddky t\u0159et\u00edch stran nebo pou\u017e\u00edvat va\u0161i e-mailovou adresu nap\u0159. pro re-marketing a c\u00edlen\u00ed reklam na Facebooku, dokud se sami neodhl\u00e1s\u00edte. Tento souhlas m\u016f\u017eete samoz\u0159ejm\u011b kdykoli odvolat prost\u0159ednictv\u00edm na\u0161ich kontaktn\u00edch \u00fadaj\u016f.<\/li>\n\n\n\n<li><strong>Fotografick\u00e1 dokumentace, reference<\/strong><br>\u200dVa\u0161e fotografie, reference, zp\u011btnou vazbu atd. m\u016f\u017eeme pou\u017e\u00edt pouze s va\u0161\u00edm souhlasem, dokud sv\u016fj souhlas neodvol\u00e1te. Va\u0161e osobn\u00ed \u00fadaje uchov\u00e1v\u00e1me po dobu trv\u00e1n\u00ed proml\u010dec\u00edch lh\u016ft, pokud z\u00e1kon nestanov\u00ed del\u0161\u00ed dobu uchov\u00e1v\u00e1n\u00ed nebo pokud jsme v konkr\u00e9tn\u00edch p\u0159\u00edpadech nestanovili jinak.<\/li>\n<\/ul>\n\n\n\n<p><strong>Bezpe\u010dnost a ochrana dat<\/strong><\/p>\n\n\n\n<p>Osobn\u00ed \u00fadaje chr\u00e1n\u00edme v maxim\u00e1ln\u00ed mo\u017en\u00e9 m\u00ed\u0159e pomoc\u00ed modern\u00edch technologi\u00ed, kter\u00e9 odpov\u00eddaj\u00ed sou\u010dasn\u00e9mu stavu techniky. Chr\u00e1n\u00edme je, jako by byly na\u0161e vlastn\u00ed. P\u0159ijali jsme a udr\u017eujeme ve\u0161ker\u00e1 mo\u017en\u00e1 (v sou\u010dasnosti zn\u00e1m\u00e1) technick\u00e1 a organiza\u010dn\u00ed opat\u0159en\u00ed, abychom zabr\u00e1nili zneu\u017eit\u00ed, po\u0161kozen\u00ed nebo zni\u010den\u00ed va\u0161ich osobn\u00edch \u00fadaj\u016f.<\/p>\n\n\n\n<p><strong>P\u0159ed\u00e1v\u00e1n\u00ed osobn\u00edch \u00fadaj\u016f t\u0159et\u00edm stran\u00e1m<\/strong><\/p>\n\n\n\n<p>K va\u0161im osobn\u00edm \u00fadaj\u016fm maj\u00ed p\u0159\u00edstup na\u0161i zam\u011bstnanci a spolupracovn\u00edci. Pro specifick\u00e9 operace zpracov\u00e1n\u00ed, kter\u00e9 nejsme schopni zajistit sami, vyu\u017e\u00edv\u00e1me slu\u017eeb a aplikac\u00ed zpracovatel\u016f, kte\u0159\u00ed jsou v ochran\u011b \u00fadaj\u016f je\u0161t\u011b lep\u0161\u00ed ne\u017e my a na dan\u00e9 zpracov\u00e1n\u00ed se specializuj\u00ed. Mezi tyto poskytovatele pat\u0159\u00ed nap\u0159:<\/p>\n\n\n\n<ul class=\"wp-block-list\">\n<li>Facebook &#8211; FB pixel<\/li>\n\n\n\n<li>Google &#8211; Google Analytics a Adwords<\/li>\n<\/ul>\n\n\n\n<p>Je mo\u017en\u00e9, \u017ee se v budoucnu rozhodneme pou\u017e\u00edt jin\u00e9 aplikace nebo procesory, abychom usnadnili a zkvalitnili zpracov\u00e1n\u00ed. Slibujeme v\u00e1m v\u0161ak, \u017ee v takov\u00e9m p\u0159\u00edpad\u011b budu na zpracovatele kl\u00e1st minim\u00e1ln\u011b stejn\u00e9 n\u00e1roky na bezpe\u010dnost a kvalitu zpracov\u00e1n\u00ed, jak\u00e9 kladu s\u00e1m na sebe.<\/p>\n\n\n\n<p><strong>P\u0159ed\u00e1v\u00e1n\u00ed \u00fadaj\u016f mimo Evropskou unii<\/strong><\/p>\n\n\n\n<p>\u00dadaje zpracov\u00e1v\u00e1me pouze v Evropsk\u00e9 unii nebo v zem\u00edch, kter\u00e9 poskytuj\u00ed odpov\u00eddaj\u00edc\u00ed \u00farove\u0148 ochrany na z\u00e1klad\u011b rozhodnut\u00ed Evropsk\u00e9 komise.<\/p>\n\n\n\n<p><strong>Va\u0161e pr\u00e1va v souvislosti s ochranou osobn\u00edch \u00fadaj\u016f<\/strong><\/p>\n\n\n\n<p>V souvislosti s ochranou \u00fadaj\u016f m\u00e1te \u0159adu pr\u00e1v. Pokud si p\u0159ejete uplatnit n\u011bkter\u00e9 z t\u011bchto pr\u00e1v, kontaktujte n\u00e1s pros\u00edm e-mailem:.<\/p>\n\n\n\n<p>M\u00e1te <strong>pr\u00e1vo na informace, kter\u00e9 <\/strong>jsou ji\u017e spln\u011bny na t\u00e9to informa\u010dn\u00ed str\u00e1nce se z\u00e1sadami zpracov\u00e1n\u00ed osobn\u00edch \u00fadaj\u016f.<\/p>\n\n\n\n<p>D\u00edky <strong>pr\u00e1vu na p\u0159\u00edstup <\/strong>n\u00e1s m\u016f\u017eete kdykoli po\u017e\u00e1dat a my v\u00e1m do 14 dn\u016f poskytneme d\u016fkazy o tom, jak\u00e9 osobn\u00ed \u00fadaje zpracov\u00e1v\u00e1me a pro\u010d.<\/p>\n\n\n\n<p>Pokud se n\u011bco zm\u011bn\u00ed nebo pokud zjist\u00edte, \u017ee va\u0161e osobn\u00ed \u00fadaje jsou zastaral\u00e9 nebo ne\u00fapln\u00e9, m\u00e1te <strong>pr\u00e1vo na dopln\u011bn\u00ed <\/strong>a zm\u011bnu <strong>sv\u00fdch <\/strong>osobn\u00edch \u00fadaj\u016f.<\/p>\n\n\n\n<p>Pr\u00e1vo na <strong>omezen\u00ed <\/strong>zpracov\u00e1n\u00ed m\u016f\u017eete uplatnit, pokud se domn\u00edv\u00e1te, \u017ee va\u0161e \u00fadaje zpracov\u00e1v\u00e1me nep\u0159esn\u011b, pokud se domn\u00edv\u00e1te, \u017ee va\u0161e \u00fadaje zpracov\u00e1v\u00e1me nez\u00e1konn\u011b, ale nechcete, abychom v\u0161echny va\u0161e \u00fadaje vymazali, nebo pokud jste vznesli n\u00e1mitku proti zpracov\u00e1n\u00ed.<\/p>\n\n\n\n<p>M\u016f\u017eete omezit rozsah osobn\u00edch \u00fadaj\u016f nebo \u00fa\u010dely zpracov\u00e1n\u00ed (nap\u0159\u00edklad odhl\u00e1\u0161en\u00edm odb\u011bru newsletteru omez\u00edte \u00fa\u010del zpracov\u00e1n\u00ed na zas\u00edl\u00e1n\u00ed obchodn\u00edch sd\u011blen\u00ed).<\/p>\n\n\n\n<p><strong>Pr\u00e1vo na p\u0159enositelnost<\/strong><\/p>\n\n\n\n<p><br>&nbsp; Pokud si p\u0159ejete vz\u00edt sv\u00e9 osobn\u00ed \u00fadaje a p\u0159edat je n\u011bkomu jin\u00e9mu, budeme postupovat stejn\u011b jako p\u0159i uplatn\u011bn\u00ed pr\u00e1va na p\u0159\u00edstup &#8211; s t\u00edm rozd\u00edlem, \u017ee v\u00e1m informace poskytneme ve strojov\u011b \u010diteln\u00e9 podob\u011b. V tomto p\u0159\u00edpad\u011b pot\u0159ebujeme alespo\u0148 30 dn\u00ed.<\/p>\n\n\n\n<p><strong>Pr\u00e1vo na v\u00fdmaz<\/strong> (zapomenout)<\/p>\n\n\n\n<p>Dal\u0161\u00edm pr\u00e1vem, kter\u00e9 m\u00e1te, je pr\u00e1vo na v\u00fdmaz (b\u00fdt zapomenut). Nechceme na v\u00e1s zapomenout, ale pokud si p\u0159ejete b\u00fdt zapomenuti, m\u00e1te na to pr\u00e1vo. V takov\u00e9m p\u0159\u00edpad\u011b vyma\u017eeme v\u0161echny va\u0161e osobn\u00ed \u00fadaje z na\u0161eho syst\u00e9mu a ze syst\u00e9mu v\u0161ech d\u00edl\u010d\u00edch zpracovatel\u016f a z\u00e1loh. Na zaji\u0161t\u011bn\u00ed pr\u00e1va na v\u00fdmaz pot\u0159ebujeme 30 dn\u00ed.<\/p>\n\n\n\n<p>V n\u011bkter\u00fdch p\u0159\u00edpadech jsme v\u00e1z\u00e1ni z\u00e1konnou povinnost\u00ed a nap\u0159\u00edklad mus\u00edme uchov\u00e1vat z\u00e1znamy o vystaven\u00fdch da\u0148ov\u00fdch dokladech po z\u00e1konem stanovenou dobu. V takov\u00e9m p\u0159\u00edpad\u011b proto vyma\u017eeme v\u0161echny takov\u00e9 osobn\u00ed \u00fadaje, kter\u00e9 nejsou v\u00e1z\u00e1ny jin\u00fdm z\u00e1konem. O dokon\u010den\u00ed v\u00fdmazu v\u00e1s budeme informovat e-mailem.<\/p>\n\n\n\n<p><strong>St\u00ed\u017enost u \u00da\u0159adu pro ochranu osobn\u00edch \u00fadaj\u016f<\/strong><\/p>\n\n\n\n<p>Pokud m\u00e1te pocit, \u017ee s va\u0161imi \u00fadaji nezach\u00e1z\u00edme v souladu se z\u00e1konem, m\u00e1te pr\u00e1vo si kdykoli st\u011b\u017eovat u \u00da\u0159adu pro ochranu osobn\u00edch \u00fadaj\u016f. Budeme velmi r\u00e1di, pokud n\u00e1s o tomto podez\u0159en\u00ed budete informovat jako prvn\u00ed, abychom s t\u00edm mohli n\u011bco ud\u011blat a p\u0159\u00edpadn\u00e9 pochyben\u00ed napravit.<\/p>\n\n\n\n<p><strong>Odhl\u00e1\u0161en\u00ed odb\u011bru newsletter\u016f a komer\u010dn\u00edch ozn\u00e1men\u00ed<\/strong><\/p>\n\n\n\n<p>Jste-li z\u00e1kazn\u00edkem, zas\u00edl\u00e1me v\u00e1m e-maily s inspirac\u00ed, \u010dl\u00e1nky nebo produkty a slu\u017ebami na z\u00e1klad\u011b na\u0161eho opr\u00e1vn\u011bn\u00e9ho z\u00e1jmu.<br>&nbsp;Pokud je\u0161t\u011b nejste z\u00e1kazn\u00edkem, zas\u00edl\u00e1me v\u00e1m je pouze na z\u00e1klad\u011b va\u0161eho souhlasu. V obou p\u0159\u00edpadech m\u016f\u017eete p\u0159estat dost\u00e1vat na\u0161e e-maily kliknut\u00edm na odkaz pro odhl\u00e1\u0161en\u00ed z odb\u011bru v ka\u017ed\u00e9m n\u00e1mi zaslan\u00e9m e-mailu.<\/p>\n\n\n\n<p><strong>Ml\u010danlivos\u0165<\/strong><\/p>\n\n\n\n<p>Uji\u0161\u0165ujeme v\u00e1s, \u017ee na\u0161i zam\u011bstnanci a spolupracovn\u00edci, kte\u0159\u00ed zpracov\u00e1vaj\u00ed va\u0161e osobn\u00ed \u00fadaje, jsou povinni zachov\u00e1vat d\u016fv\u011brnost osobn\u00edch \u00fadaj\u016f a bezpe\u010dnostn\u00edch opat\u0159en\u00ed, jejich\u017e zve\u0159ejn\u011bn\u00ed by ohrozilo bezpe\u010dnost va\u0161ich osobn\u00edch \u00fadaj\u016f. Tato d\u016fv\u011brnost trv\u00e1 i po ukon\u010den\u00ed smluvn\u00edho vztahu s n\u00e1mi. Va\u0161e osobn\u00ed \u00fadaje nebudou bez va\u0161eho souhlasu poskytnuty \u017e\u00e1dn\u00e9 dal\u0161\u00ed t\u0159et\u00ed stran\u011b.<\/p>\n\n\n\n<p>D\u011bkujeme, \u017ee jste si na\u0161li \u010das na p\u0159e\u010dten\u00ed t\u011bchto Z\u00e1sad ochrany osobn\u00edch \u00fadaj\u016f. Tento dokument je \u00fa\u010dinn\u00fd od 01.08.2024.<\/p>\n","protected":false},"excerpt":{"rendered":"<p>Z\u00e1sady ochrany osobn\u00edch \u00fadaj\u016f Pokud jste z\u00e1kazn\u00edkem, odb\u011bratelem newsletteru nebo n\u00e1v\u0161t\u011bvn\u00edkem webov\u00fdch str\u00e1nek, sv\u011b\u0159ujete n\u00e1m sv\u00e9 osobn\u00ed \u00fadaje. Jsme zodpov\u011bdn\u00ed &#8230;<\/p>\n","protected":false},"author":1,"featured_media":0,"parent":0,"menu_order":0,"comment_status":"closed","ping_status":"closed","template":"","meta":{"footnotes":""},"class_list":["post-32","page","type-page","status-publish","hentry"],"yoast_head":"<!-- This site is optimized with the Yoast SEO plugin v27.4 - https:\/\/yoast.com\/product\/yoast-seo-wordpress\/ -->\n<title>Z\u00e1sady ochrany osobn\u00edch \u00fadaj\u016f - Difosis<\/title>\n<meta name=\"robots\" content=\"index, follow, max-snippet:-1, max-image-preview:large, max-video-preview:-1\" \/>\n<link rel=\"canonical\" href=\"https:\/\/www.difosis.com\/cz\/zasady-ochrany-osobnich-udaju\/\" \/>\n<meta property=\"og:locale\" content=\"cs_CZ\" \/>\n<meta property=\"og:type\" content=\"article\" \/>\n<meta property=\"og:title\" content=\"Z\u00e1sady ochrany osobn\u00edch \u00fadaj\u016f - Difosis\" \/>\n<meta property=\"og:description\" content=\"Z\u00e1sady ochrany osobn\u00edch \u00fadaj\u016f Pokud jste z\u00e1kazn\u00edkem, odb\u011bratelem newsletteru nebo n\u00e1v\u0161t\u011bvn\u00edkem webov\u00fdch str\u00e1nek, sv\u011b\u0159ujete n\u00e1m sv\u00e9 osobn\u00ed \u00fadaje. Jsme zodpov\u011bdn\u00ed ...\" \/>\n<meta property=\"og:url\" content=\"https:\/\/www.difosis.com\/cz\/zasady-ochrany-osobnich-udaju\/\" \/>\n<meta property=\"og:site_name\" content=\"Difosis\" \/>\n<meta property=\"article:modified_time\" content=\"2024-09-03T18:40:43+00:00\" \/>\n<meta name=\"twitter:card\" content=\"summary_large_image\" \/>\n<meta name=\"twitter:label1\" content=\"Odhadovan\u00e1 doba \u010dten\u00ed\" \/>\n\t<meta name=\"twitter:data1\" content=\"8 minut\" \/>\n<script type=\"application\/ld+json\" class=\"yoast-schema-graph\">{\"@context\":\"https:\\\/\\\/schema.org\",\"@graph\":[{\"@type\":\"WebPage\",\"@id\":\"https:\\\/\\\/www.difosis.com\\\/cz\\\/zasady-ochrany-osobnich-udaju\\\/\",\"url\":\"https:\\\/\\\/www.difosis.com\\\/cz\\\/zasady-ochrany-osobnich-udaju\\\/\",\"name\":\"Z\u00e1sady ochrany osobn\u00edch \u00fadaj\u016f - Difosis\",\"isPartOf\":{\"@id\":\"https:\\\/\\\/www.difosis.com\\\/cz\\\/#website\"},\"datePublished\":\"2024-08-16T13:52:08+00:00\",\"dateModified\":\"2024-09-03T18:40:43+00:00\",\"breadcrumb\":{\"@id\":\"https:\\\/\\\/www.difosis.com\\\/cz\\\/zasady-ochrany-osobnich-udaju\\\/#breadcrumb\"},\"inLanguage\":\"cs\",\"potentialAction\":[{\"@type\":\"ReadAction\",\"target\":[\"https:\\\/\\\/www.difosis.com\\\/cz\\\/zasady-ochrany-osobnich-udaju\\\/\"]}]},{\"@type\":\"BreadcrumbList\",\"@id\":\"https:\\\/\\\/www.difosis.com\\\/cz\\\/zasady-ochrany-osobnich-udaju\\\/#breadcrumb\",\"itemListElement\":[{\"@type\":\"ListItem\",\"position\":1,\"name\":\"Domovsk\u00e1 str\u00e1nka\",\"item\":\"https:\\\/\\\/www.difosis.com\\\/cz\\\/\"},{\"@type\":\"ListItem\",\"position\":2,\"name\":\"Z\u00e1sady ochrany osobn\u00edch \u00fadaj\u016f\"}]},{\"@type\":\"WebSite\",\"@id\":\"https:\\\/\\\/www.difosis.com\\\/cz\\\/#website\",\"url\":\"https:\\\/\\\/www.difosis.com\\\/cz\\\/\",\"name\":\"Difosis\",\"description\":\"\",\"potentialAction\":[{\"@type\":\"SearchAction\",\"target\":{\"@type\":\"EntryPoint\",\"urlTemplate\":\"https:\\\/\\\/www.difosis.com\\\/cz\\\/?s={search_term_string}\"},\"query-input\":{\"@type\":\"PropertyValueSpecification\",\"valueRequired\":true,\"valueName\":\"search_term_string\"}}],\"inLanguage\":\"cs\"}]}<\/script>\n<!-- \/ Yoast SEO plugin. -->","yoast_head_json":{"title":"Z\u00e1sady ochrany osobn\u00edch \u00fadaj\u016f - Difosis","robots":{"index":"index","follow":"follow","max-snippet":"max-snippet:-1","max-image-preview":"max-image-preview:large","max-video-preview":"max-video-preview:-1"},"canonical":"https:\/\/www.difosis.com\/cz\/zasady-ochrany-osobnich-udaju\/","og_locale":"cs_CZ","og_type":"article","og_title":"Z\u00e1sady ochrany osobn\u00edch \u00fadaj\u016f - Difosis","og_description":"Z\u00e1sady ochrany osobn\u00edch \u00fadaj\u016f Pokud jste z\u00e1kazn\u00edkem, odb\u011bratelem newsletteru nebo n\u00e1v\u0161t\u011bvn\u00edkem webov\u00fdch str\u00e1nek, sv\u011b\u0159ujete n\u00e1m sv\u00e9 osobn\u00ed \u00fadaje. Jsme zodpov\u011bdn\u00ed ...","og_url":"https:\/\/www.difosis.com\/cz\/zasady-ochrany-osobnich-udaju\/","og_site_name":"Difosis","article_modified_time":"2024-09-03T18:40:43+00:00","twitter_card":"summary_large_image","twitter_misc":{"Odhadovan\u00e1 doba \u010dten\u00ed":"8 minut"},"schema":{"@context":"https:\/\/schema.org","@graph":[{"@type":"WebPage","@id":"https:\/\/www.difosis.com\/cz\/zasady-ochrany-osobnich-udaju\/","url":"https:\/\/www.difosis.com\/cz\/zasady-ochrany-osobnich-udaju\/","name":"Z\u00e1sady ochrany osobn\u00edch \u00fadaj\u016f - Difosis","isPartOf":{"@id":"https:\/\/www.difosis.com\/cz\/#website"},"datePublished":"2024-08-16T13:52:08+00:00","dateModified":"2024-09-03T18:40:43+00:00","breadcrumb":{"@id":"https:\/\/www.difosis.com\/cz\/zasady-ochrany-osobnich-udaju\/#breadcrumb"},"inLanguage":"cs","potentialAction":[{"@type":"ReadAction","target":["https:\/\/www.difosis.com\/cz\/zasady-ochrany-osobnich-udaju\/"]}]},{"@type":"BreadcrumbList","@id":"https:\/\/www.difosis.com\/cz\/zasady-ochrany-osobnich-udaju\/#breadcrumb","itemListElement":[{"@type":"ListItem","position":1,"name":"Domovsk\u00e1 str\u00e1nka","item":"https:\/\/www.difosis.com\/cz\/"},{"@type":"ListItem","position":2,"name":"Z\u00e1sady ochrany osobn\u00edch \u00fadaj\u016f"}]},{"@type":"WebSite","@id":"https:\/\/www.difosis.com\/cz\/#website","url":"https:\/\/www.difosis.com\/cz\/","name":"Difosis","description":"","potentialAction":[{"@type":"SearchAction","target":{"@type":"EntryPoint","urlTemplate":"https:\/\/www.difosis.com\/cz\/?s={search_term_string}"},"query-input":{"@type":"PropertyValueSpecification","valueRequired":true,"valueName":"search_term_string"}}],"inLanguage":"cs"}]}},"_links":{"self":[{"href":"https:\/\/www.difosis.com\/cz\/wp-json\/wp\/v2\/pages\/32","targetHints":{"allow":["GET"]}}],"collection":[{"href":"https:\/\/www.difosis.com\/cz\/wp-json\/wp\/v2\/pages"}],"about":[{"href":"https:\/\/www.difosis.com\/cz\/wp-json\/wp\/v2\/types\/page"}],"author":[{"embeddable":true,"href":"https:\/\/www.difosis.com\/cz\/wp-json\/wp\/v2\/users\/1"}],"replies":[{"embeddable":true,"href":"https:\/\/www.difosis.com\/cz\/wp-json\/wp\/v2\/comments?post=32"}],"version-history":[{"count":3,"href":"https:\/\/www.difosis.com\/cz\/wp-json\/wp\/v2\/pages\/32\/revisions"}],"predecessor-version":[{"id":141,"href":"https:\/\/www.difosis.com\/cz\/wp-json\/wp\/v2\/pages\/32\/revisions\/141"}],"wp:attachment":[{"href":"https:\/\/www.difosis.com\/cz\/wp-json\/wp\/v2\/media?parent=32"}],"curies":[{"name":"wp","href":"https:\/\/api.w.org\/{rel}","templated":true}]}}